{"id":787,"date":"2018-07-06T11:48:44","date_gmt":"2018-07-06T17:48:44","guid":{"rendered":"http:\/\/circulodepoesia.com\/encuentrodepoesia\/?page_id=787"},"modified":"2018-07-06T14:13:49","modified_gmt":"2018-07-06T20:13:49","slug":"eip-2017","status":"publish","type":"page","link":"https:\/\/circulodepoesia.com\/encuentrodepoesia\/es\/eip-2017\/","title":{"rendered":"EIP-2017"},"content":{"rendered":"<p>[et_pb_section fb_built=&#8221;1&#8243; _builder_version=&#8221;3.9&#8243; background_image=&#8221;http:\/\/circulodepoesia.com\/encuentrodepoesia\/wp-content\/uploads\/2017\/05\/fondo_home_rosa.png&#8221; custom_padding=&#8221;54px|0px|150px|0px&#8221;][et_pb_row _builder_version=&#8221;3.9&#8243;][et_pb_column type=&#8221;1_3&#8243; _builder_version=&#8221;3.9&#8243; parallax=&#8221;off&#8221; parallax_method=&#8221;on&#8221;][\/et_pb_column][et_pb_column type=&#8221;2_3&#8243; _builder_version=&#8221;3.9&#8243; parallax=&#8221;off&#8221; parallax_method=&#8221;on&#8221;][et_pb_image src=&#8221;http:\/\/circulodepoesia.com\/encuentrodepoesia\/wp-content\/uploads\/2017\/05\/encuentro_HOME_blanco.png&#8221; _builder_version=&#8221;3.9&#8243;][\/et_pb_image][et_pb_image src=&#8221;http:\/\/circulodepoesia.com\/encuentrodepoesia\/wp-content\/uploads\/2017\/05\/cdmex_home_HOME.png&#8221; _builder_version=&#8221;3.9&#8243;][\/et_pb_image][\/et_pb_column][\/et_pb_row][\/et_pb_section][et_pb_section fb_built=&#8221;1&#8243; _builder_version=&#8221;3.0.47&#8243; background_image=&#8221;http:\/\/circulodepoesia.com\/encuentrodepoesia\/wp-content\/uploads\/2017\/05\/texto_fondo.jpg&#8221; parallax=&#8221;on&#8221; custom_padding=&#8221;80px|0px|94px|0px&#8221;][et_pb_row custom_padding=&#8221;27px|0px|27px|0px&#8221; _builder_version=&#8221;3.0.47&#8243; background_size=&#8221;initial&#8221; background_position=&#8221;top_left&#8221; background_repeat=&#8221;repeat&#8221;][et_pb_column type=&#8221;1_4&#8243; _builder_version=&#8221;3.0.47&#8243; parallax=&#8221;off&#8221; parallax_method=&#8221;on&#8221;][\/et_pb_column][et_pb_column type=&#8221;1_2&#8243; _builder_version=&#8221;3.0.47&#8243; parallax=&#8221;off&#8221; parallax_method=&#8221;on&#8221;][et_pb_text _builder_version=&#8221;3.9&#8243;]<\/p>\n<h1 style=\"text-align: center;\"><span style=\"font-size: x-large; color: #ffffff;\"><strong>ENCUENTRO INTERNACIONAL DE POES\u00cdA<\/strong><\/span><\/h1>\n<h2 style=\"text-align: center;\"><span style=\"font-size: x-large; color: #ffffff;\">CIUDAD DE M\u00c9XICO, 2018<\/span><\/h2>\n<p>[\/et_pb_text][et_pb_text _builder_version=&#8221;3.9&#8243;]<span style=\"color: #ffffff; font-size: medium;\"><span style=\"color: #b97fe8;\"><a style=\"color: #b97fe8;\" href=\"http:\/\/circulodepoesia.com\/2017\/02\/encuentro-internacional-de-poesia-cdmx-2016-galeria-fotografica\/\"><strong>El Encuentro Internacional de Poes\u00eda Ciudad de M\u00e9xico 2017<\/strong><\/a> <\/span>cont\u00f3 con la participaci\u00f3n de veinte poetas de los cinco continentes. <em>El Premio de Poes\u00eda Nuevo Siglo de Oro<\/em> fue entregado al poeta marroqu\u00ed Abdellatif La\u00e2bi (1951).<\/span><br \/>\n[\/et_pb_text][\/et_pb_column][et_pb_column type=&#8221;1_4&#8243; _builder_version=&#8221;3.0.47&#8243; parallax=&#8221;off&#8221; parallax_method=&#8221;on&#8221;][\/et_pb_column][\/et_pb_row][\/et_pb_section][et_pb_section fb_built=&#8221;1&#8243; _builder_version=&#8221;3.9&#8243; custom_padding=&#8221;92px|0px|23px|0px&#8221;][et_pb_row _builder_version=&#8221;3.0.48&#8243; background_size=&#8221;initial&#8221; background_position=&#8221;top_left&#8221; background_repeat=&#8221;repeat&#8221;][et_pb_column type=&#8221;4_4&#8243; _builder_version=&#8221;3.0.47&#8243; parallax=&#8221;off&#8221; parallax_method=&#8221;on&#8221;][et_pb_text _builder_version=&#8221;3.9&#8243;]<\/p>\n<h2 style=\"text-align: center;\"><span style=\"font-size: xx-large; color: #000000;\"><strong>PARTICIPANTES<\/strong><\/span><\/h2>\n<p>[\/et_pb_text][\/et_pb_column][\/et_pb_row][\/et_pb_section][et_pb_section fb_built=&#8221;1&#8243; _builder_version=&#8221;3.9&#8243;][et_pb_row _builder_version=&#8221;3.0.47&#8243; background_size=&#8221;initial&#8221; background_position=&#8221;top_left&#8221; background_repeat=&#8221;repeat&#8221;][et_pb_column type=&#8221;1_4&#8243; _builder_version=&#8221;3.0.47&#8243; parallax=&#8221;off&#8221; parallax_method=&#8221;on&#8221;][et_pb_image src=&#8221;http:\/\/circulodepoesia.com\/encuentrodepoesia\/wp-content\/uploads\/2017\/05\/01-eleonora-finkelstein.jpg&#8221; url=&#8221;http:\/\/circulodepoesia.com\/2016\/08\/poesia-argentina-eleonora-finkelstein\/&#8221; admin_label=&#8221;Eleonora Finkelstein&#8221; _builder_version=&#8221;3.0.87&#8243; animation_style=&#8221;slide&#8221; animation_direction=&#8221;left&#8221; animation_duration=&#8221;500ms&#8221; animation_intensity_slide=&#8221;10%&#8221; use_border_color=&#8221;off&#8221; border_color=&#8221;#ffffff&#8221; border_style=&#8221;solid&#8221; animation=&#8221;left&#8221; sticky=&#8221;off&#8221;]&nbsp;<br \/>\n[\/et_pb_image][et_pb_text _builder_version=&#8221;3.0.87&#8243; header_text_color=&#8221;#000000&#8243; background_size=&#8221;initial&#8221; background_position=&#8221;top_left&#8221; background_repeat=&#8221;repeat&#8221; use_border_color=&#8221;off&#8221; border_color=&#8221;#ffffff&#8221; border_style=&#8221;solid&#8221; saved_tabs=&#8221;all&#8221;]<\/p>\n<h2><strong><span style=\"color: #000000;\">Eleonora Finkelstein<\/span><\/strong><\/h2>\n<p><span style=\"color: #000000;\">Argentina<\/span><br \/>\n[\/et_pb_text][\/et_pb_column][et_pb_column type=&#8221;1_4&#8243; _builder_version=&#8221;3.0.47&#8243; parallax=&#8221;off&#8221; parallax_method=&#8221;on&#8221;][et_pb_image src=&#8221;http:\/\/circulodepoesia.com\/encuentrodepoesia\/wp-content\/uploads\/2017\/05\/02_valeria-tentoni.jpg&#8221; url=&#8221;http:\/\/circulodepoesia.com\/2015\/11\/poesia-argentina-valeria-tentoni\/&#8221; admin_label=&#8221;Valeria Tentoni&#8221; _builder_version=&#8221;3.0.87&#8243; animation_style=&#8221;slide&#8221; animation_direction=&#8221;left&#8221; animation_duration=&#8221;500ms&#8221; animation_intensity_slide=&#8221;10%&#8221; use_border_color=&#8221;off&#8221; border_color=&#8221;#ffffff&#8221; border_style=&#8221;solid&#8221; animation=&#8221;left&#8221; sticky=&#8221;off&#8221;]&nbsp;<br \/>\n[\/et_pb_image][et_pb_text _builder_version=&#8221;3.0.87&#8243; header_text_color=&#8221;#000000&#8243; background_size=&#8221;initial&#8221; background_position=&#8221;top_left&#8221; background_repeat=&#8221;repeat&#8221; use_border_color=&#8221;off&#8221; border_color=&#8221;#ffffff&#8221; border_style=&#8221;solid&#8221; saved_tabs=&#8221;all&#8221;]<\/p>\n<h2><strong><span style=\"color: #000000;\">Valeria Tentoni<\/span><\/strong><\/h2>\n<p><span style=\"color: #000000;\">Argentina<\/span><br \/>\n[\/et_pb_text][\/et_pb_column][et_pb_column type=&#8221;1_4&#8243; _builder_version=&#8221;3.0.47&#8243; parallax=&#8221;off&#8221; parallax_method=&#8221;on&#8221;][et_pb_image src=&#8221;http:\/\/circulodepoesia.com\/encuentrodepoesia\/wp-content\/uploads\/2017\/05\/03-omar-sakr.jpg&#8221; url=&#8221;http:\/\/circulodepoesia.com\/2017\/01\/poesia-australiana-omar-sakr\/&#8221; admin_label=&#8221;Omar Sakr&#8221; _builder_version=&#8221;3.0.87&#8243; animation_style=&#8221;slide&#8221; animation_direction=&#8221;left&#8221; animation_duration=&#8221;500ms&#8221; animation_intensity_slide=&#8221;10%&#8221; use_border_color=&#8221;off&#8221; border_color=&#8221;#ffffff&#8221; border_style=&#8221;solid&#8221; animation=&#8221;left&#8221; sticky=&#8221;off&#8221;]&nbsp;<br \/>\n[\/et_pb_image][et_pb_text _builder_version=&#8221;3.0.87&#8243; header_text_color=&#8221;#000000&#8243; background_size=&#8221;initial&#8221; background_position=&#8221;top_left&#8221; background_repeat=&#8221;repeat&#8221; use_border_color=&#8221;off&#8221; border_color=&#8221;#ffffff&#8221; border_style=&#8221;solid&#8221; saved_tabs=&#8221;all&#8221;]<\/p>\n<h2><strong><span style=\"color: #000000;\">Omar Sakr<\/span><\/strong><\/h2>\n<p><span style=\"color: #000000;\">Australia<\/span><br \/>\n[\/et_pb_text][\/et_pb_column][et_pb_column type=&#8221;1_4&#8243; _builder_version=&#8221;3.0.47&#8243; parallax=&#8221;off&#8221; parallax_method=&#8221;on&#8221;][et_pb_image src=&#8221;http:\/\/circulodepoesia.com\/encuentrodepoesia\/wp-content\/uploads\/2017\/05\/04-martin-glaz-seru.jpg&#8221; url=&#8221;http:\/\/circulodepoesia.com\/2017\/06\/poesia-danesa-martin-glaz-serup\/&#8221; admin_label=&#8221;Martin Glaz Serup&#8221; _builder_version=&#8221;3.0.87&#8243; animation_style=&#8221;slide&#8221; animation_direction=&#8221;left&#8221; animation_duration=&#8221;500ms&#8221; animation_intensity_slide=&#8221;10%&#8221; use_border_color=&#8221;off&#8221; border_color=&#8221;#ffffff&#8221; border_style=&#8221;solid&#8221; animation=&#8221;left&#8221; sticky=&#8221;off&#8221;]&nbsp;<br \/>\n[\/et_pb_image][et_pb_text _builder_version=&#8221;3.0.87&#8243; header_text_color=&#8221;#000000&#8243; background_size=&#8221;initial&#8221; background_position=&#8221;top_left&#8221; background_repeat=&#8221;repeat&#8221; use_border_color=&#8221;off&#8221; border_color=&#8221;#ffffff&#8221; border_style=&#8221;solid&#8221; saved_tabs=&#8221;all&#8221;]<\/p>\n<h2><strong><span style=\"color: #000000;\">Martin Glaz Serup<\/span><\/strong><\/h2>\n<p><span style=\"color: #000000;\">Dinamarca<\/span><br \/>\n[\/et_pb_text][\/et_pb_column][\/et_pb_row][et_pb_row _builder_version=&#8221;3.0.47&#8243; background_size=&#8221;initial&#8221; background_position=&#8221;top_left&#8221; background_repeat=&#8221;repeat&#8221;][et_pb_column type=&#8221;1_4&#8243; _builder_version=&#8221;3.0.47&#8243; parallax=&#8221;off&#8221; parallax_method=&#8221;on&#8221;][et_pb_image src=&#8221;http:\/\/circulodepoesia.com\/encuentrodepoesia\/wp-content\/uploads\/2017\/05\/05-daniel-chacon.jpg&#8221; url=&#8221;http:\/\/circulodepoesia.com\/2017\/06\/poesia-norteamericana-daniel-chacon\/&#8221; admin_label=&#8221;Daniel Chac\u00f3n&#8221; _builder_version=&#8221;3.0.87&#8243; animation_style=&#8221;slide&#8221; animation_direction=&#8221;left&#8221; animation_duration=&#8221;500ms&#8221; animation_intensity_slide=&#8221;10%&#8221; use_border_color=&#8221;off&#8221; border_color=&#8221;#ffffff&#8221; border_style=&#8221;solid&#8221; animation=&#8221;left&#8221; sticky=&#8221;off&#8221;]&nbsp;<br \/>\n[\/et_pb_image][et_pb_text _builder_version=&#8221;3.0.87&#8243; header_text_color=&#8221;#000000&#8243; background_size=&#8221;initial&#8221; background_position=&#8221;top_left&#8221; background_repeat=&#8221;repeat&#8221; use_border_color=&#8221;off&#8221; border_color=&#8221;#ffffff&#8221; border_style=&#8221;solid&#8221; saved_tabs=&#8221;all&#8221;]<\/p>\n<h2><strong><span style=\"color: #000000;\">Daniel Chac\u00f3n<\/span><\/strong><\/h2>\n<p><span style=\"color: #000000;\">Estados Unidos<\/span><br \/>\n[\/et_pb_text][\/et_pb_column][et_pb_column type=&#8221;1_4&#8243; _builder_version=&#8221;3.0.47&#8243; parallax=&#8221;off&#8221; parallax_method=&#8221;on&#8221;][et_pb_image src=&#8221;http:\/\/circulodepoesia.com\/encuentrodepoesia\/wp-content\/uploads\/2017\/05\/06_-kwame-dawes.jpg&#8221; url=&#8221;http:\/\/circulodepoesia.com\/2014\/12\/poesia-norteamericana-kwame-dawes\/&#8221; admin_label=&#8221;Kwame Dawes&#8221; _builder_version=&#8221;3.0.87&#8243; animation_style=&#8221;slide&#8221; animation_direction=&#8221;left&#8221; animation_duration=&#8221;500ms&#8221; animation_intensity_slide=&#8221;10%&#8221; use_border_color=&#8221;off&#8221; border_color=&#8221;#ffffff&#8221; border_style=&#8221;solid&#8221; animation=&#8221;left&#8221; sticky=&#8221;off&#8221;]&nbsp;<br \/>\n[\/et_pb_image][et_pb_text _builder_version=&#8221;3.0.87&#8243; header_text_color=&#8221;#000000&#8243; background_size=&#8221;initial&#8221; background_position=&#8221;top_left&#8221; background_repeat=&#8221;repeat&#8221; use_border_color=&#8221;off&#8221; border_color=&#8221;#ffffff&#8221; border_style=&#8221;solid&#8221; saved_tabs=&#8221;all&#8221;]<\/p>\n<h2><strong><span style=\"color: #000000;\">Kwame Dawes<\/span><\/strong><\/h2>\n<p><span style=\"color: #000000;\">Estados Unidos<\/span><br \/>\n[\/et_pb_text][\/et_pb_column][et_pb_column type=&#8221;1_4&#8243; _builder_version=&#8221;3.0.47&#8243; parallax=&#8221;off&#8221; parallax_method=&#8221;on&#8221;][et_pb_image src=&#8221;http:\/\/circulodepoesia.com\/encuentrodepoesia\/wp-content\/uploads\/2017\/05\/07_dimitris-angelis.jpg&#8221; url=&#8221;http:\/\/circulodepoesia.com\/2017\/02\/poesia-griega-dimitris-angelis\/&#8221; admin_label=&#8221;Dimitris Angel\u00eds&#8221; _builder_version=&#8221;3.0.87&#8243; animation_style=&#8221;slide&#8221; animation_direction=&#8221;left&#8221; animation_duration=&#8221;500ms&#8221; animation_intensity_slide=&#8221;10%&#8221; use_border_color=&#8221;off&#8221; border_color=&#8221;#ffffff&#8221; border_style=&#8221;solid&#8221; animation=&#8221;left&#8221; sticky=&#8221;off&#8221;]&nbsp;<br \/>\n[\/et_pb_image][et_pb_text _builder_version=&#8221;3.0.87&#8243; header_text_color=&#8221;#000000&#8243; background_size=&#8221;initial&#8221; background_position=&#8221;top_left&#8221; background_repeat=&#8221;repeat&#8221; use_border_color=&#8221;off&#8221; border_color=&#8221;#ffffff&#8221; border_style=&#8221;solid&#8221; saved_tabs=&#8221;all&#8221;]<\/p>\n<h2><strong><span style=\"color: #000000;\">Dimitris Angel\u00eds<\/span><\/strong><\/h2>\n<p><span style=\"color: #000000;\">Grecia<\/span><br \/>\n[\/et_pb_text][\/et_pb_column][et_pb_column type=&#8221;1_4&#8243; _builder_version=&#8221;3.0.47&#8243; parallax=&#8221;off&#8221; parallax_method=&#8221;on&#8221;][et_pb_image src=&#8221;http:\/\/circulodepoesia.com\/encuentrodepoesia\/wp-content\/uploads\/2017\/05\/08-abdellatif-laabi.jpg&#8221; url=&#8221;http:\/\/circulodepoesia.com\/2012\/10\/patente-de-corso-abdellatif-laabi\/&#8221; admin_label=&#8221;Abdellatif Laabi&#8221; _builder_version=&#8221;3.0.87&#8243; animation_style=&#8221;slide&#8221; animation_direction=&#8221;left&#8221; animation_duration=&#8221;500ms&#8221; animation_intensity_slide=&#8221;10%&#8221; use_border_color=&#8221;off&#8221; border_color=&#8221;#ffffff&#8221; border_style=&#8221;solid&#8221; animation=&#8221;left&#8221; sticky=&#8221;off&#8221;]&nbsp;<br \/>\n[\/et_pb_image][et_pb_text _builder_version=&#8221;3.0.87&#8243; header_text_color=&#8221;#000000&#8243; background_size=&#8221;initial&#8221; background_position=&#8221;top_left&#8221; background_repeat=&#8221;repeat&#8221; use_border_color=&#8221;off&#8221; border_color=&#8221;#ffffff&#8221; border_style=&#8221;solid&#8221; saved_tabs=&#8221;all&#8221;]<\/p>\n<h2><strong><span style=\"color: #000000;\">Abdellatif Laabi<\/span><\/strong><\/h2>\n<p><span style=\"color: #000000;\">Marruecos<\/span><br \/>\n[\/et_pb_text][\/et_pb_column][\/et_pb_row][et_pb_row _builder_version=&#8221;3.0.47&#8243; background_size=&#8221;initial&#8221; background_position=&#8221;top_left&#8221; background_repeat=&#8221;repeat&#8221;][et_pb_column type=&#8221;1_4&#8243; _builder_version=&#8221;3.0.47&#8243; parallax=&#8221;off&#8221; parallax_method=&#8221;on&#8221;][et_pb_image src=&#8221;http:\/\/circulodepoesia.com\/encuentrodepoesia\/wp-content\/uploads\/2017\/05\/09-mariel-damian.jpg&#8221; url=&#8221;http:\/\/circulodepoesia.com\/2017\/05\/cinco-poemas-de-mariel-damian\/&#8221; admin_label=&#8221;Mariel Dami\u00e1n&#8221; _builder_version=&#8221;3.0.87&#8243; animation_style=&#8221;slide&#8221; animation_direction=&#8221;left&#8221; animation_duration=&#8221;500ms&#8221; animation_intensity_slide=&#8221;10%&#8221; use_border_color=&#8221;off&#8221; border_color=&#8221;#ffffff&#8221; border_style=&#8221;solid&#8221; animation=&#8221;left&#8221; sticky=&#8221;off&#8221;]&nbsp;<br \/>\n[\/et_pb_image][et_pb_text _builder_version=&#8221;3.0.87&#8243; header_text_color=&#8221;#000000&#8243; background_size=&#8221;initial&#8221; background_position=&#8221;top_left&#8221; background_repeat=&#8221;repeat&#8221; use_border_color=&#8221;off&#8221; border_color=&#8221;#ffffff&#8221; border_style=&#8221;solid&#8221; saved_tabs=&#8221;all&#8221;]<\/p>\n<h2><strong><span style=\"color: #000000;\">Mariel Dami\u00e1n<\/span><\/strong><\/h2>\n<p><span style=\"color: #000000;\">M\u00e9xico<\/span><br \/>\n[\/et_pb_text][\/et_pb_column][et_pb_column type=&#8221;1_4&#8243; _builder_version=&#8221;3.0.47&#8243; parallax=&#8221;off&#8221; parallax_method=&#8221;on&#8221;][et_pb_image src=&#8221;http:\/\/circulodepoesia.com\/encuentrodepoesia\/wp-content\/uploads\/2017\/05\/10-audomaro-hidalgo.jpg&#8221; url=&#8221;http:\/\/circulodepoesia.com\/2017\/06\/pequena-historia-de-la-destruccion-nuevo-libro-de-audomaro-hidalgo\/&#8221; admin_label=&#8221;Audomaro Hidalgo&#8221; _builder_version=&#8221;3.0.87&#8243; animation_style=&#8221;slide&#8221; animation_direction=&#8221;left&#8221; animation_duration=&#8221;500ms&#8221; animation_intensity_slide=&#8221;10%&#8221; use_border_color=&#8221;off&#8221; border_color=&#8221;#ffffff&#8221; border_style=&#8221;solid&#8221; animation=&#8221;left&#8221; sticky=&#8221;off&#8221;]&nbsp;<br \/>\n[\/et_pb_image][et_pb_text _builder_version=&#8221;3.0.87&#8243; header_text_color=&#8221;#000000&#8243; background_size=&#8221;initial&#8221; background_position=&#8221;top_left&#8221; background_repeat=&#8221;repeat&#8221; use_border_color=&#8221;off&#8221; border_color=&#8221;#ffffff&#8221; border_style=&#8221;solid&#8221; saved_tabs=&#8221;all&#8221;]<\/p>\n<h2><strong><span style=\"color: #000000;\">Audomaro Hidalgo<\/span><\/strong><\/h2>\n<p><span style=\"color: #000000;\">M\u00e9xico<\/span><br \/>\n[\/et_pb_text][\/et_pb_column][et_pb_column type=&#8221;1_4&#8243; _builder_version=&#8221;3.0.47&#8243; parallax=&#8221;off&#8221; parallax_method=&#8221;on&#8221;][et_pb_image src=&#8221;http:\/\/circulodepoesia.com\/encuentrodepoesia\/wp-content\/uploads\/2017\/05\/11-dovile-kuzminskaite.jpg&#8221; url=&#8221;http:\/\/circulodepoesia.com\/2016\/07\/poesia-lituana-dovile-kuzminskaite\/&#8221; admin_label=&#8221;Dovil\u00e9 Kuzminskait\u00e9&#8221; _builder_version=&#8221;3.0.87&#8243; animation_style=&#8221;slide&#8221; animation_direction=&#8221;left&#8221; animation_duration=&#8221;500ms&#8221; animation_intensity_slide=&#8221;10%&#8221; use_border_color=&#8221;off&#8221; border_color=&#8221;#ffffff&#8221; border_style=&#8221;solid&#8221; animation=&#8221;left&#8221; sticky=&#8221;off&#8221;]&nbsp;<br \/>\n[\/et_pb_image][et_pb_text _builder_version=&#8221;3.0.87&#8243; header_text_color=&#8221;#000000&#8243; background_size=&#8221;initial&#8221; background_position=&#8221;top_left&#8221; background_repeat=&#8221;repeat&#8221; use_border_color=&#8221;off&#8221; border_color=&#8221;#ffffff&#8221; border_style=&#8221;solid&#8221; saved_tabs=&#8221;all&#8221;]<\/p>\n<h2><strong><span style=\"color: #000000;\">Dovil\u00e9 Kuzminskait\u00e9<\/span><\/strong><\/h2>\n<p><span style=\"color: #000000;\">Lituania<\/span><br \/>\n[\/et_pb_text][\/et_pb_column][et_pb_column type=&#8221;1_4&#8243; _builder_version=&#8221;3.0.47&#8243; parallax=&#8221;off&#8221; parallax_method=&#8221;on&#8221;][et_pb_image src=&#8221;http:\/\/circulodepoesia.com\/encuentrodepoesia\/wp-content\/uploads\/2017\/05\/12-hera-lindsay-bird.jpg&#8221; url=&#8221;http:\/\/circulodepoesia.com\/2016\/07\/poesia-de-nueva-zelanda-hera-lindsay-bird\/&#8221; admin_label=&#8221;Hera Lindsay Bird&#8221; _builder_version=&#8221;3.0.87&#8243; animation_style=&#8221;slide&#8221; animation_direction=&#8221;left&#8221; animation_duration=&#8221;500ms&#8221; animation_intensity_slide=&#8221;10%&#8221; use_border_color=&#8221;off&#8221; border_color=&#8221;#ffffff&#8221; border_style=&#8221;solid&#8221; animation=&#8221;left&#8221; sticky=&#8221;off&#8221;]&nbsp;<br \/>\n[\/et_pb_image][et_pb_text _builder_version=&#8221;3.0.87&#8243; header_text_color=&#8221;#000000&#8243; background_size=&#8221;initial&#8221; background_position=&#8221;top_left&#8221; background_repeat=&#8221;repeat&#8221; use_border_color=&#8221;off&#8221; border_color=&#8221;#ffffff&#8221; border_style=&#8221;solid&#8221; saved_tabs=&#8221;all&#8221;]<\/p>\n<h2><strong><span style=\"color: #000000;\">Hera Lindsay Bird<\/span><\/strong><\/h2>\n<p><span style=\"color: #000000;\">Nueva Zelanda<\/span><br \/>\n[\/et_pb_text][\/et_pb_column][\/et_pb_row][et_pb_row _builder_version=&#8221;3.0.47&#8243; background_size=&#8221;initial&#8221; background_position=&#8221;top_left&#8221; background_repeat=&#8221;repeat&#8221;][et_pb_column type=&#8221;1_4&#8243; _builder_version=&#8221;3.0.47&#8243; parallax=&#8221;off&#8221; parallax_method=&#8221;on&#8221;][et_pb_image src=&#8221;http:\/\/circulodepoesia.com\/encuentrodepoesia\/wp-content\/uploads\/2017\/05\/13-najwan-darwish.jpg&#8221; url=&#8221;http:\/\/circulodepoesia.com\/2017\/04\/poesia-palestina-najwan-darwish\/&#8221; admin_label=&#8221;Najwan Darwish&#8221; _builder_version=&#8221;3.0.87&#8243; animation_style=&#8221;slide&#8221; animation_direction=&#8221;left&#8221; animation_duration=&#8221;500ms&#8221; animation_intensity_slide=&#8221;10%&#8221; use_border_color=&#8221;off&#8221; border_color=&#8221;#ffffff&#8221; border_style=&#8221;solid&#8221; animation=&#8221;left&#8221; sticky=&#8221;off&#8221;]&nbsp;<br \/>\n[\/et_pb_image][et_pb_text _builder_version=&#8221;3.0.87&#8243; header_text_color=&#8221;#000000&#8243; background_size=&#8221;initial&#8221; background_position=&#8221;top_left&#8221; background_repeat=&#8221;repeat&#8221; use_border_color=&#8221;off&#8221; border_color=&#8221;#ffffff&#8221; border_style=&#8221;solid&#8221; saved_tabs=&#8221;all&#8221;]<\/p>\n<h2><strong><span style=\"color: #000000;\">Najwan Darwish<\/span><\/strong><\/h2>\n<p><span style=\"color: #000000;\">Palestina<\/span><br \/>\n[\/et_pb_text][\/et_pb_column][et_pb_column type=&#8221;1_4&#8243; _builder_version=&#8221;3.0.47&#8243; parallax=&#8221;off&#8221; parallax_method=&#8221;on&#8221;][et_pb_image src=&#8221;http:\/\/circulodepoesia.com\/encuentrodepoesia\/wp-content\/uploads\/2017\/05\/14-josef-straka.jpg&#8221; url=&#8221;http:\/\/circulodepoesia.com\/2016\/11\/poesia-checa-josef-straka\/&#8221; admin_label=&#8221;Josef Straka&#8221; _builder_version=&#8221;3.0.87&#8243; animation_style=&#8221;slide&#8221; animation_direction=&#8221;left&#8221; animation_duration=&#8221;500ms&#8221; animation_intensity_slide=&#8221;10%&#8221; use_border_color=&#8221;off&#8221; border_color=&#8221;#ffffff&#8221; border_style=&#8221;solid&#8221; animation=&#8221;left&#8221; sticky=&#8221;off&#8221;]&nbsp;<br \/>\n[\/et_pb_image][et_pb_text _builder_version=&#8221;3.0.87&#8243; header_text_color=&#8221;#000000&#8243; background_size=&#8221;initial&#8221; background_position=&#8221;top_left&#8221; background_repeat=&#8221;repeat&#8221; use_border_color=&#8221;off&#8221; border_color=&#8221;#ffffff&#8221; border_style=&#8221;solid&#8221; saved_tabs=&#8221;all&#8221;]<\/p>\n<h2><strong><span style=\"color: #000000;\">Josef Straka<\/span><\/strong><\/h2>\n<p><span style=\"color: #000000;\">Checoslovaquia<\/span><br \/>\n[\/et_pb_text][\/et_pb_column][et_pb_column type=&#8221;1_4&#8243; _builder_version=&#8221;3.0.47&#8243; parallax=&#8221;off&#8221; parallax_method=&#8221;on&#8221;][et_pb_image src=&#8221;http:\/\/circulodepoesia.com\/encuentrodepoesia\/wp-content\/uploads\/2017\/05\/15-martin-tonalmeyotl.jpg&#8221; url=&#8221;http:\/\/circulodepoesia.com\/2017\/03\/xochitlajtoli-martin-tonalmeyotl\/&#8221; admin_label=&#8221;Mart\u00edn Tonalmeyotl&#8221; _builder_version=&#8221;3.0.87&#8243; animation_style=&#8221;slide&#8221; animation_direction=&#8221;left&#8221; animation_duration=&#8221;500ms&#8221; animation_intensity_slide=&#8221;10%&#8221; use_border_color=&#8221;off&#8221; border_color=&#8221;#ffffff&#8221; border_style=&#8221;solid&#8221; animation=&#8221;left&#8221; sticky=&#8221;off&#8221;]&nbsp;<br \/>\n[\/et_pb_image][et_pb_text _builder_version=&#8221;3.0.87&#8243; header_text_color=&#8221;#000000&#8243; background_size=&#8221;initial&#8221; background_position=&#8221;top_left&#8221; background_repeat=&#8221;repeat&#8221; use_border_color=&#8221;off&#8221; border_color=&#8221;#ffffff&#8221; border_style=&#8221;solid&#8221; saved_tabs=&#8221;all&#8221;]<\/p>\n<h2><strong><span style=\"color: #000000;\">Mart\u00edn Tonalmeyotl<\/span><\/strong><\/h2>\n<p><span style=\"color: #000000;\">M\u00e9xico<\/span><br \/>\n[\/et_pb_text][\/et_pb_column][et_pb_column type=&#8221;1_4&#8243; _builder_version=&#8221;3.0.47&#8243; parallax=&#8221;off&#8221; parallax_method=&#8221;on&#8221;][et_pb_image src=&#8221;http:\/\/circulodepoesia.com\/encuentrodepoesia\/wp-content\/uploads\/2017\/05\/19-carlosramirez.jpg&#8221; url=&#8221;http:\/\/circulodepoesia.com\/2015\/02\/poesia-mexicana-carlos-ramirez-vuelvas\/&#8221; admin_label=&#8221; Carlos Ram\u00edrez Vuelvas&#8221; _builder_version=&#8221;3.0.87&#8243; animation_style=&#8221;slide&#8221; animation_direction=&#8221;left&#8221; animation_duration=&#8221;500ms&#8221; animation_intensity_slide=&#8221;10%&#8221; use_border_color=&#8221;off&#8221; border_color=&#8221;#ffffff&#8221; border_style=&#8221;solid&#8221; animation=&#8221;left&#8221; sticky=&#8221;off&#8221;]&nbsp;<br \/>\n[\/et_pb_image][et_pb_text _builder_version=&#8221;3.0.87&#8243; header_text_color=&#8221;#000000&#8243; background_size=&#8221;initial&#8221; background_position=&#8221;top_left&#8221; background_repeat=&#8221;repeat&#8221; use_border_color=&#8221;off&#8221; border_color=&#8221;#ffffff&#8221; border_style=&#8221;solid&#8221; saved_tabs=&#8221;all&#8221;]<\/p>\n<h2><strong><span style=\"color: #000000;\">Carlos Ram\u00edrez Vuelvas<\/span><\/strong><\/h2>\n<p><span style=\"color: #000000;\">M\u00e9xico<\/span><br \/>\n[\/et_pb_text][\/et_pb_column][\/et_pb_row][et_pb_row _builder_version=&#8221;3.0.47&#8243; background_size=&#8221;initial&#8221; background_position=&#8221;top_left&#8221; background_repeat=&#8221;repeat&#8221;][et_pb_column type=&#8221;1_4&#8243; _builder_version=&#8221;3.0.47&#8243; parallax=&#8221;off&#8221; parallax_method=&#8221;on&#8221;][et_pb_image src=&#8221;http:\/\/circulodepoesia.com\/encuentrodepoesia\/wp-content\/uploads\/2017\/05\/20-mijail-lamas.jpg&#8221; url=&#8221;http:\/\/circulodepoesia.com\/2017\/06\/cuatro-poemas-de-mijail-lamas\/&#8221; admin_label=&#8221;Mijail Lamas &#8221; _builder_version=&#8221;3.0.87&#8243; animation_style=&#8221;slide&#8221; animation_direction=&#8221;left&#8221; animation_duration=&#8221;500ms&#8221; animation_intensity_slide=&#8221;10%&#8221; use_border_color=&#8221;off&#8221; border_color=&#8221;#ffffff&#8221; border_style=&#8221;solid&#8221; animation=&#8221;left&#8221; sticky=&#8221;off&#8221;]&nbsp;<br \/>\n[\/et_pb_image][et_pb_text _builder_version=&#8221;3.0.87&#8243; header_text_color=&#8221;#000000&#8243; background_size=&#8221;initial&#8221; background_position=&#8221;top_left&#8221; background_repeat=&#8221;repeat&#8221; use_border_color=&#8221;off&#8221; border_color=&#8221;#ffffff&#8221; border_style=&#8221;solid&#8221; saved_tabs=&#8221;all&#8221;]<\/p>\n<h2><strong><span style=\"color: #000000;\">Mijail Lamas <\/span><\/strong><\/h2>\n<p><span style=\"color: #000000;\">M\u00e9xico<\/span><br \/>\n[\/et_pb_text][\/et_pb_column][et_pb_column type=&#8221;1_4&#8243; _builder_version=&#8221;3.0.47&#8243; parallax=&#8221;off&#8221; parallax_method=&#8221;on&#8221;][et_pb_image src=&#8221;http:\/\/circulodepoesia.com\/encuentrodepoesia\/wp-content\/uploads\/2017\/05\/16-sara-buho.jpg&#8221; url=&#8221;http:\/\/circulodepoesia.com\/2017\/06\/poesia-espanola-sara-buho\/&#8221; admin_label=&#8221;Sara B\u00faho&#8221; _builder_version=&#8221;3.0.87&#8243; animation_style=&#8221;slide&#8221; animation_direction=&#8221;left&#8221; animation_duration=&#8221;500ms&#8221; animation_intensity_slide=&#8221;10%&#8221; use_border_color=&#8221;off&#8221; border_color=&#8221;#ffffff&#8221; border_style=&#8221;solid&#8221; animation=&#8221;left&#8221; sticky=&#8221;off&#8221;]&nbsp;<br \/>\n[\/et_pb_image][et_pb_text _builder_version=&#8221;3.0.87&#8243; header_text_color=&#8221;#000000&#8243; background_size=&#8221;initial&#8221; background_position=&#8221;top_left&#8221; background_repeat=&#8221;repeat&#8221; use_border_color=&#8221;off&#8221; border_color=&#8221;#ffffff&#8221; border_style=&#8221;solid&#8221; saved_tabs=&#8221;all&#8221;]<\/p>\n<h2><strong><span style=\"color: #000000;\">Sara B\u00faho<\/span><\/strong><\/h2>\n<p><span style=\"color: #000000;\">Espa\u00f1a<\/span><br \/>\n[\/et_pb_text][\/et_pb_column][et_pb_column type=&#8221;1_4&#8243; _builder_version=&#8221;3.0.47&#8243; parallax=&#8221;off&#8221; parallax_method=&#8221;on&#8221;][et_pb_image src=&#8221;http:\/\/circulodepoesia.com\/encuentrodepoesia\/wp-content\/uploads\/2017\/05\/17-lena-carrilero.jpg&#8221; url=&#8221;http:\/\/circulodepoesia.com\/2017\/06\/poesia-espanola-actual-lena-carrilero\/&#8221; admin_label=&#8221;Lena Carrilero&#8221; _builder_version=&#8221;3.0.87&#8243; animation_style=&#8221;slide&#8221; animation_direction=&#8221;left&#8221; animation_duration=&#8221;500ms&#8221; animation_intensity_slide=&#8221;10%&#8221; use_border_color=&#8221;off&#8221; border_color=&#8221;#ffffff&#8221; border_style=&#8221;solid&#8221; animation=&#8221;left&#8221; sticky=&#8221;off&#8221;]&nbsp;<br \/>\n[\/et_pb_image][et_pb_text _builder_version=&#8221;3.0.87&#8243; header_text_color=&#8221;#000000&#8243; background_size=&#8221;initial&#8221; background_position=&#8221;top_left&#8221; background_repeat=&#8221;repeat&#8221; use_border_color=&#8221;off&#8221; border_color=&#8221;#ffffff&#8221; border_style=&#8221;solid&#8221; saved_tabs=&#8221;all&#8221;]<\/p>\n<h2><strong><span style=\"color: #000000;\">Lena Carrilero<\/span><\/strong><\/h2>\n<p><span style=\"color: #000000;\">Espa\u00f1a<\/span><br \/>\n[\/et_pb_text][\/et_pb_column][et_pb_column type=&#8221;1_4&#8243; _builder_version=&#8221;3.0.47&#8243; parallax=&#8221;off&#8221; parallax_method=&#8221;on&#8221;][et_pb_image src=&#8221;http:\/\/circulodepoesia.com\/encuentrodepoesia\/wp-content\/uploads\/2017\/05\/fotos2017.jpg&#8221; url=&#8221;http:\/\/circulodepoesia.com\/2017\/06\/poesia-nicaraguense-francisco-larios\/&#8221; admin_label=&#8221;Francisco Larios&#8221; _builder_version=&#8221;3.0.87&#8243; animation_style=&#8221;slide&#8221; animation_direction=&#8221;left&#8221; animation_duration=&#8221;500ms&#8221; animation_intensity_slide=&#8221;10%&#8221; use_border_color=&#8221;off&#8221; border_color=&#8221;#ffffff&#8221; border_style=&#8221;solid&#8221; animation=&#8221;left&#8221; sticky=&#8221;off&#8221;]&nbsp;<br \/>\n[\/et_pb_image][et_pb_text _builder_version=&#8221;3.0.87&#8243; header_text_color=&#8221;#000000&#8243; background_size=&#8221;initial&#8221; background_position=&#8221;top_left&#8221; background_repeat=&#8221;repeat&#8221; use_border_color=&#8221;off&#8221; border_color=&#8221;#ffffff&#8221; border_style=&#8221;solid&#8221; saved_tabs=&#8221;all&#8221;]<\/p>\n<h2><strong><span style=\"color: #000000;\">Francisco Larios<\/span><\/strong><\/h2>\n<p><span style=\"color: #000000;\">Nicaragua<\/span><br \/>\n[\/et_pb_text][\/et_pb_column][\/et_pb_row][\/et_pb_section]<\/p>\n","protected":false},"excerpt":{"rendered":"<p>ENCUENTRO INTERNACIONAL DE POES\u00cdA CIUDAD DE M\u00c9XICO, 2018El Encuentro Internacional de Poes\u00eda Ciudad de M\u00e9xico 2017 cont\u00f3 con la participaci\u00f3n de veinte poetas de los cinco continentes. El Premio de Poes\u00eda Nuevo Siglo de Oro fue entregado al poeta marroqu\u00ed Abdellatif La\u00e2bi (1951). PARTICIPANTES &nbsp; Eleonora Finkelstein Argentina &nbsp; Valeria Tentoni Argentina &nbsp; Omar Sakr [&hellip;]<\/p>\n","protected":false},"author":2,"featured_media":0,"parent":0,"menu_order":0,"comment_status":"closed","ping_status":"closed","template":"","meta":{"_et_pb_use_builder":"on","_et_pb_old_content":"","_et_gb_content_width":"","footnotes":""},"class_list":["post-787","page","type-page","status-publish","hentry"],"lang":"es","translations":{"es":787},"pll_sync_post":[],"_links":{"self":[{"href":"https:\/\/circulodepoesia.com\/encuentrodepoesia\/wp-json\/wp\/v2\/pages\/787"}],"collection":[{"href":"https:\/\/circulodepoesia.com\/encuentrodepoesia\/wp-json\/wp\/v2\/pages"}],"about":[{"href":"https:\/\/circulodepoesia.com\/encuentrodepoesia\/wp-json\/wp\/v2\/types\/page"}],"author":[{"embeddable":true,"href":"https:\/\/circulodepoesia.com\/encuentrodepoesia\/wp-json\/wp\/v2\/users\/2"}],"replies":[{"embeddable":true,"href":"https:\/\/circulodepoesia.com\/encuentrodepoesia\/wp-json\/wp\/v2\/comments?post=787"}],"version-history":[{"count":6,"href":"https:\/\/circulodepoesia.com\/encuentrodepoesia\/wp-json\/wp\/v2\/pages\/787\/revisions"}],"predecessor-version":[{"id":797,"href":"https:\/\/circulodepoesia.com\/encuentrodepoesia\/wp-json\/wp\/v2\/pages\/787\/revisions\/797"}],"wp:attachment":[{"href":"https:\/\/circulodepoesia.com\/encuentrodepoesia\/wp-json\/wp\/v2\/media?parent=787"}],"curies":[{"name":"wp","href":"https:\/\/api.w.org\/{rel}","templated":true}]}}